{"id":4374,"date":"2022-02-02T17:02:19","date_gmt":"2022-02-02T16:02:19","guid":{"rendered":"https:\/\/elpalodeavellano.com\/?page_id=4374"},"modified":"2026-03-12T13:10:52","modified_gmt":"2026-03-12T12:10:52","slug":"restaurant","status":"publish","type":"page","link":"https:\/\/www.elpalodeavellano.com\/en\/restaurant\/","title":{"rendered":"Restaurant"},"content":{"rendered":"<div class=\"wpb-content-wrapper\"><p>[vc_row disable_element=&#8221;yes&#8221;][vc_column][vc_column_text]<\/p>\n<h2>RESTAURANT<\/h2>\n<p>[\/vc_column_text][\/vc_column][\/vc_row][vc_row disable_element=&#8221;yes&#8221;][vc_column width=&#8221;1\/3&#8243;][vc_single_image image=&#8221;5096&#8243; img_size=&#8221;medium&#8221;][vc_column_text]Ofrecemos un exquisito men\u00fa casero, elaborado cada d\u00eda con productos frescos de Navarra. Adaptado para celiacos.[\/vc_column_text][\/vc_column][vc_column width=&#8221;1\/3&#8243;][vc_single_image image=&#8221;5424&#8243; img_size=&#8221;medium&#8221;][vc_column_text]Men\u00fa de cena desde abril a octubre 13,50\u20ac<\/p>\n<p>[\/vc_column_text][\/vc_column][vc_column width=&#8221;1\/3&#8243;][vc_column_text]<strong>Primeros platos<br \/>\n<\/strong>Ensalada\u00a0 y Crema de verduras<\/p>\n<p><strong>Segundos platos<br \/>\n<\/strong>Costilla de cerdo al horno con patatas o Bacalao con tomate y pimientos<\/p>\n<p><strong>Postres<br \/>\n<\/strong>Mousse de lim\u00f3n (especialidad de la casa) &#8211;\u00a0Helado &#8211;\u00a0 Fruta &#8211;\u00a0 Tiramis\u00fa[\/vc_column_text][\/vc_column][\/vc_row][vc_row disable_element=&#8221;yes&#8221; css=&#8221;.vc_custom_1644854726760{margin-top: 0px !important;margin-bottom: 20px !important;border-top-width: 1px !important;border-right-width: 1px !important;border-bottom-width: 1px !important;border-left-width: 1px !important;padding-top: 12px !important;padding-bottom: 10px !important;background-color: #dedbd6 !important;border-left-color: #c4bdb5 !important;border-left-style: solid !important;border-right-color: #c4bdb5 !important;border-right-style: solid !important;border-top-color: #c4bdb5 !important;border-top-style: solid !important;border-bottom-color: #c4bdb5 !important;border-bottom-style: solid !important;}&#8221; nfw_row_parallax=&#8221;yes&#8221; font_color=&#8221;#ffffff&#8221;][vc_column][vc_row_inner][vc_column_inner width=&#8221;1\/2&#8243;][vc_images_carousel images=&#8221;4738,4740&#8243; img_size=&#8221;400&#215;300&#8243; onclick=&#8221;link_no&#8221; speed=&#8221;6000&#8243; autoplay=&#8221;yes&#8221; hide_pagination_control=&#8221;yes&#8221; hide_prev_next_buttons=&#8221;yes&#8221; wrap=&#8221;yes&#8221;][\/vc_column_inner][vc_column_inner width=&#8221;1\/2&#8243;][vc_custom_heading text=&#8221;Desayunos&#8221; font_container=&#8221;tag:h2|font_size:32|text_align:left|color:%234a6669&#8243; google_fonts=&#8221;font_family:Hind%3A300%2Cregular%2C500%2C600%2C700|font_style:400%20regular%3A400%3Anormal&#8221; css=&#8221;.vc_custom_1457698688880{margin-bottom: -5px !important;}&#8221;][vc_column_text css=&#8221;.vc_custom_1457604819371{margin-top: 20px !important;padding-top: 10px !important;}&#8221;]Sabemos que una de las comidas m\u00e1s importantes del d\u00eda es el desayuno y por eso el nuestro est\u00e1 compuesto por caf\u00e9, t\u00e9, zumos, tostada de pan de pueblo, bizcocho casero, mantequilla, mermeladas variadas, cereales y fruta en alm\u00edbar.<br \/>\nProductos especiales para cel\u00edacos. Solic\u00edtelo con antelaci\u00f3n.[\/vc_column_text][\/vc_column_inner][\/vc_row_inner][vc_column_text css=&#8221;.vc_custom_1643884039691{margin-top: -10px !important;border-top-width: 3px !important;padding-top: 10px !important;padding-right: 10px !important;padding-bottom: 10px !important;padding-left: 20px !important;background-color: #ffffff !important;border-top-color: #ffffff !important;border-top-style: dashed !important;}&#8221;]Opiniones de nuestros clientes:<\/p>\n<p>\u2026 El desayuno, incluido, IMPRESIONANTE. Dorm\u00ed fenomenal &#8230;<br \/>\n&#8230; Muy recomendable. El desayuno fue el m\u00e1s completo y grande de mi semana de Camino por Navarra. [\/vc_column_text][\/vc_column][\/vc_row][vc_row disable_element=&#8221;yes&#8221; css=&#8221;.vc_custom_1644855322552{margin-top: 0px !important;margin-bottom: 20px !important;border-top-width: 1px !important;border-right-width: 1px !important;border-bottom-width: 1px !important;border-left-width: 1px !important;padding-top: 12px !important;padding-bottom: 10px !important;border-left-style: solid !important;border-right-style: solid !important;border-top-style: solid !important;border-bottom-style: solid !important;}&#8221; nfw_row_parallax=&#8221;yes&#8221; font_color=&#8221;#ffffff&#8221;][vc_column][vc_row_inner][vc_column_inner width=&#8221;1\/2&#8243;][vc_images_carousel images=&#8221;4742&#8243; img_size=&#8221;400&#215;300&#8243; onclick=&#8221;link_no&#8221; speed=&#8221;6000&#8243; autoplay=&#8221;yes&#8221; hide_pagination_control=&#8221;yes&#8221; hide_prev_next_buttons=&#8221;yes&#8221; wrap=&#8221;yes&#8221;][\/vc_column_inner][vc_column_inner width=&#8221;1\/2&#8243;][vc_custom_heading text=&#8221;Cena&#8221; font_container=&#8221;tag:h2|font_size:32|text_align:left|color:%234a6669&#8243; google_fonts=&#8221;font_family:Hind%3A300%2Cregular%2C500%2C600%2C700|font_style:400%20regular%3A400%3Anormal&#8221; css=&#8221;.vc_custom_1457698796428{margin-bottom: -5px !important;}&#8221;][vc_column_text css=&#8221;.vc_custom_1592127512032{margin-top: 20px !important;padding-top: 10px !important;}&#8221;]Reg\u00e1late la mejor forma de terminar el d\u00eda saboreando nuestro completo men\u00fa, elaborado cada d\u00eda con productos frescos. Consta de 3 entrantes, un segundo plato a elegir (carne o pescado), postre, pan y agua.[\/vc_column_text][\/vc_column_inner][\/vc_row_inner][vc_column_text css=&#8221;.vc_custom_1643884018825{margin-top: -10px !important;padding-top: 10px !important;padding-right: 10px !important;padding-bottom: 10px !important;padding-left: 20px !important;background-color: #ffffff !important;}&#8221;]Opiniones de nuestros clientes:<\/p>\n<p>\u2026 la cocina tradicional exquisita.<br \/>\n\u2026 La cena fue fant\u00e1stica, muy abundante y de buena calidad.[\/vc_column_text][\/vc_column][\/vc_row][vc_row][vc_column width=&#8221;1\/3&#8243;][vc_column_text]<\/p>\n<h3 style=\"margin-top: 0px;\">Dinner menu<\/h3>\n<p>We offer an exquisite homemade menu, prepared every day with fresh products from Navarra. Adapted for celiacs.<br \/>\nFrom April to October[\/vc_column_text][vc_empty_space height=&#8221;39px&#8221;][vc_single_image image=&#8221;5618&#8243; img_size=&#8221;full&#8221;][\/vc_column][vc_column width=&#8221;1\/3&#8243;][vc_column_text css=&#8221;&#8221;]<\/p>\n<div class=\"elementor-column elementor-col-50 elementor-top-column elementor-element elementor-element-9d60fec\" data-id=\"9d60fec\" data-element_type=\"column\">\n<div class=\"elementor-column-wrap elementor-element-populated\">\n<div class=\"elementor-widget-wrap\">\n<div class=\"elementor-element elementor-element-75a12d7 elementor-widget elementor-widget-price-table\" data-id=\"75a12d7\" data-element_type=\"widget\" data-widget_type=\"price-table.default\">\n<div class=\"elementor-widget-container\">\n<div class=\"elementor-price-table\">\n<div class=\"elementor-price-table__header\" style=\"background: #c79740;\">\n<h2 class=\"elementor-price-table__heading\">Dinner menu<\/h2>\n<p>&nbsp;<\/p>\n<\/div>\n<div class=\"elementor-price-table__price\">\n<p><span class=\"elementor-price-table__integer-part\"> 18\u20ac<\/span><\/p>\n<div class=\"elementor-price-table__after-price\"><\/div>\n<\/div>\n<ul class=\"elementor-price-table__features-list\" style=\"text-align: center; padding: 0 3em;\">\n<li class=\"elementor-repeater-item-b88168b\">\n<div class=\"elementor-price-table__feature-inner\"><i class=\"far fa-check-circle\" aria-hidden=\"true\"><\/i> <u>FIRST DISHES:<\/u> Salad and vegetable cream.<\/div>\n<\/li>\n<li class=\"elementor-repeater-item-96e1727\">\n<div class=\"elementor-price-table__feature-inner\"><i class=\"far fa-check-circle\" aria-hidden=\"true\"><\/i> <u>MAIN COURSES<\/u><b>:<\/b> Baked pork rib with potatoes or Cod with tomato and peppers.<\/div>\n<\/li>\n<li class=\"elementor-repeater-item-c7d7da0\">\n<div class=\"elementor-price-table__feature-inner\">\n<p><i class=\"far fa-check-circle\" aria-hidden=\"true\"><\/i> <u>HOMEMADE DESSERTS:<\/u> Lemon mousse (house specialty), ice cream, fruit, tiramisu.<\/p>\n<\/div>\n<\/li>\n<\/ul>\n<div class=\"elementor-price-table__footer\"><!--a class=\"elementor-price-table__button elementor-button elementor-size-md\" href=\"https:\/\/www.cuatrocantones.com\/wp-content\/uploads\/Menu-restaurante-Belorado.jpeg\"> See MENU dishes <\/a--><\/div>\n<p><span class=\"elementor-price-table__period elementor-typo-excluded\">Water and bread included<\/span><\/p>\n<\/div>\n<div class=\"elementor-price-table__ribbon\"><!-- div class=\"elementor-price-table__ribbon-inner\">+ vendido<\/div--><\/div>\n<\/div>\n<\/div>\n<div class=\"elementor-element elementor-element-d8ec42c elementor-widget elementor-widget-spacer\" data-id=\"d8ec42c\" data-element_type=\"widget\" data-widget_type=\"spacer.default\">\n<div class=\"elementor-widget-container\">\n<div class=\"elementor-spacer\">\n<div class=\"elementor-spacer-inner\"><\/div>\n<\/div>\n<\/div>\n<\/div>\n<\/div>\n<\/div>\n<\/div>\n<p>[\/vc_column_text][\/vc_column][vc_column width=&#8221;1\/3&#8243;][vc_single_image image=&#8221;5622&#8243; img_size=&#8221;full&#8221;][vc_empty_space height=&#8221;30px&#8221;][vc_single_image image=&#8221;5620&#8243; img_size=&#8221;full&#8221;][\/vc_column][\/vc_row]<\/p>\n<\/div>","protected":false},"excerpt":{"rendered":"<p>[vc_row disable_element=&#8221;yes&#8221;][vc_column][vc_column_text] RESTAURANT [\/vc_column_text][\/vc_column][\/vc_row][vc_row disable_element=&#8221;yes&#8221;][vc_column width=&#8221;1\/3&#8243;][vc_single_image image=&#8221;5096&#8243; img_size=&#8221;medium&#8221;][vc_column_text]Ofrecemos un exquisito men\u00fa casero, elaborado cada d\u00eda con productos frescos de Navarra. Adaptado para celiacos.[\/vc_column_text][\/vc_column][vc_column width=&#8221;1\/3&#8243;][vc_single_image image=&#8221;5424&#8243; img_size=&#8221;medium&#8221;][vc_column_text]Men\u00fa de cena desde abril a octubre 13,50\u20ac [\/vc_column_text][\/vc_column][vc_column width=&#8221;1\/3&#8243;][vc_column_text]Primeros platos Ensalada\u00a0 y Crema de verduras Segundos platos Costilla de cerdo al horno con patatas&#8230;<\/p>\n","protected":false},"author":1,"featured_media":0,"parent":0,"menu_order":0,"comment_status":"closed","ping_status":"closed","template":"","meta":{"footnotes":""},"class_list":["post-4374","page","type-page","status-publish","hentry"],"_links":{"self":[{"href":"https:\/\/www.elpalodeavellano.com\/en\/wp-json\/wp\/v2\/pages\/4374","targetHints":{"allow":["GET"]}}],"collection":[{"href":"https:\/\/www.elpalodeavellano.com\/en\/wp-json\/wp\/v2\/pages"}],"about":[{"href":"https:\/\/www.elpalodeavellano.com\/en\/wp-json\/wp\/v2\/types\/page"}],"author":[{"embeddable":true,"href":"https:\/\/www.elpalodeavellano.com\/en\/wp-json\/wp\/v2\/users\/1"}],"replies":[{"embeddable":true,"href":"https:\/\/www.elpalodeavellano.com\/en\/wp-json\/wp\/v2\/comments?post=4374"}],"version-history":[{"count":18,"href":"https:\/\/www.elpalodeavellano.com\/en\/wp-json\/wp\/v2\/pages\/4374\/revisions"}],"predecessor-version":[{"id":6300,"href":"https:\/\/www.elpalodeavellano.com\/en\/wp-json\/wp\/v2\/pages\/4374\/revisions\/6300"}],"wp:attachment":[{"href":"https:\/\/www.elpalodeavellano.com\/en\/wp-json\/wp\/v2\/media?parent=4374"}],"curies":[{"name":"wp","href":"https:\/\/api.w.org\/{rel}","templated":true}]}}